{"id":32,"date":"2022-01-06T14:45:18","date_gmt":"2022-01-06T12:45:18","guid":{"rendered":"http:\/\/neuvonenseppanen.com\/?page_id=32"},"modified":"2022-03-20T20:06:24","modified_gmt":"2022-03-20T18:06:24","slug":"esittely","status":"publish","type":"page","link":"http:\/\/neuvonenseppanen.com\/?page_id=32","title":{"rendered":"Bio"},"content":{"rendered":"\n<figure class=\"wp-block-pullquote\"><blockquote><p>Olen yhteiskuntatieteiden tohtori, p\u00e4\u00e4aineena sosiaalipsykologia. V\u00e4ittelin It\u00e4-Suomen yliopistossa vuonna 2020. V\u00e4it\u00f6kseni aihe oli sodan j\u00e4lkeen syntyneet evakkojen lapset: Menetetyn Karalan valot ja varjot: siirtokarjalaisuus evakon lapsen el\u00e4m\u00e4ss\u00e4 ja muistoissa. Tutkin, miten karjalaisuus ja siirtokarjalaisuus n\u00e4kyv\u00e4t evakkojen lapsissa ja miten evakkous siirtyy sukupolvelta toiselle.<\/p><\/blockquote><\/figure>\n\n\n\n<p class=\"has-text-align-left\"><p>Olen itsekin evakon lapsi. Tunsin olevani jotenkin erilainen. Jokin karjalaisuudessa ja sodan j\u00e4lkiseurauksissa veti puoleeni vastustamattomalla tavalla. Karjalaisuuden suruista ja iloista ei kuitenkaan puhuttu. T\u00e4m\u00e4n vuoksi Anne Frankin p\u00e4iv\u00e4kirja sai minut itkem\u00e4\u00e4n my\u00f6skin tiedostamattomia evakkokarjalaisten suruja.\u00a0Olen syntynyt Mikkelin maalaiskunnassa 1955 viisilapsisen perheen nelj\u00e4nten\u00e4 lapsena. Tutkin Krasnostokin luostarista saapuneita kirjeit\u00e4, \u00e4itini sodan aikaista p\u00e4iv\u00e4kirjaa ja katselin kuvia kirjasta Karjala muistojen maa.  Mielikuvituksissa historia tuli el\u00e4m\u00e4\u00e4ni jo silloin. <\/p><p>Sitten Eeva Riutamaa kertoi, ett\u00e4 evakkojen lapsiakin voi tutkia. Saman tien tiesin, mik\u00e4 olisi jatkotutkimuksen aihe. Valmistuin kasvatustieteiden maisteriksi hein\u00e4kuussa 2008 viimeisten joukossa vanhojen tutkintotavoitteiden mukaisesti. Gradun aiheena oli Yliopisto-opiskelijoiden ohjauskokemukset. Ohjaus on aina kiinnostanut minua. Ty\u00f6ss\u00e4ni olen antanut ohjausta ty\u00f6nhakuun ja urasuunnitteluun liittyviss\u00e4 asioissa ja siksi erilaiset esseet koskivat usein jollakin tavalla ohjausta. Ohjauksessa olen aina pit\u00e4nyt tarinallisuutta ohjauksen v\u00e4lineen\u00e4 ja aimmin kerrotussa v\u00e4it\u00f6skirjassa etsin evakkojen lasten tarinoita heid\u00e4n karjalaisuudestaan ja siirtokarjalaisuudestaan. <\/p><p>Kun katsellaan takaisin p\u00e4in opiskeluhistoriaa valmistuin YO-merkonomiksi 1996 Malmin kauppaoppilaitoksesta. Samaan aikaan, kun hain kauppaoppilaitokseen olin hakenut opiskelemaan my\u00f6s suomen kielt\u00e4. J\u00e4in sadasosapisteen p\u00e4\u00e4h\u00e4n opiskelupaikasta.\u00a0Aloitin opiskelun 1982 M\u00e4kel\u00e4nrinteen lukion iltakoulussa. Minulla oli kaksi lasta ja pian huomasin odottavani kolmatta. Raskauden loppuaikoina tuleva lapsi sai kuunnella klassista musiikkia, sill\u00e4 osallistuin koulussa englannin kielen suggestopediselle kurssille. Poika oli kuuden viikon ik\u00e4inen, kun v\u00e4hitellen jatkoin lukio-opintoja. H\u00e4n katseli ihastuneena historian kirjan kiilt\u00e4vi\u00e4 sivuja. En tietenk\u00e4\u00e4n arvannut, ett\u00e4 minusta tulisi joskus tohtori. Ei sit\u00e4 yksik\u00e4\u00e4n ihminen maailmassa olisi arvannut. Minulle ylioppilastutkinto oli suuri saavutus.\u00a0<\/p><p>Viel\u00e4kin olen ylpe\u00e4 is\u00e4st\u00e4ni, joka kes\u00e4ll\u00e4 1966 ajeli mopedilla Pekolan kansakoululle ja ilmoitti minut j\u00e4lkijunassa keskikoulun syksyn p\u00e4\u00e4sykokeisiin. Mist\u00e4 is\u00e4 tiesi, ett\u00e4 tulisin my\u00f6hemmin olemaan opinhaluinen, varsinkin kun keskikoulussa mink\u00e4\u00e4nlaista viitett\u00e4 tulevaan ei viel\u00e4 kenellek\u00e4\u00e4n n\u00e4kynyt. Rehtori huomautti, ett\u00e4 minun pit\u00e4isi ottaa oppia viisaasta serkustani, jolla oli ollut parempi todistus kuin Ahti Karjalaisella. <\/p><p>Tohtoriksi voi tulla vaikka ajattelisi, ett\u00e4 on tyhmempi kuin muut. Minusta tuntui usein silt\u00e4, ett\u00e4 joskus viel\u00e4 tyhmyyteni paljastuu.\u00a0Matkan varrella on ollut monia tukijoita koulunk\u00e4ynnin alkuvuosilta saakka. Heille kaunis kiitos. Totuus on, ett\u00e4 itse on kaikkein kriittisin tuomari.\u00a0<br>N\u00e4m\u00e4 kotisivut liittyv\u00e4t karjalaisuuteen ja siirtokarjalaisuuden j\u00e4lkiin luovasti. Syrj\u00e4hyppyj\u00e4 voi tulla.\u00a0<\/p><p>\u00c4itini Aleksandra Porali on syntynyt Salmin Kirkkojoella\u00a01919 ja is\u00e4ni on syntynyt Mikkelin maalaiskunnassa 1918. He ovat kansalaissodan lapsia. Sodan j\u00e4lkeen is\u00e4ni ja \u00e4itini tiet kohtasivat Tuusniemell\u00e4. My\u00f6hemmin minusta tuli evakon lapsi.\u00a0 Olen yritt\u00e4nyt selvitt\u00e4\u00e4 mit\u00e4 se tarkoittaa minulle ja keit\u00e4 me evakkojen lapset oikein olemme.\u00a0 \u00a0\u00a0<\/p><\/p>\n","protected":false},"excerpt":{"rendered":"<p>Olen yhteiskuntatieteiden tohtori, p\u00e4\u00e4aineena sosiaalipsykologia. V\u00e4ittelin It\u00e4-Suomen yliopistossa vuonna 2020. V\u00e4it\u00f6kseni aihe oli sodan j\u00e4lkeen syntyneet evakkojen lapset: Menetetyn Karalan valot ja varjot: siirtokarjalaisuus evakon lapsen el\u00e4m\u00e4ss\u00e4 ja muistoissa. Tutkin, miten karjalaisuus ja siirtokarjalaisuus n\u00e4kyv\u00e4t evakkojen lapsissa ja miten evakkous siirtyy sukupolvelta toiselle. Olen itsekin evakon lapsi. Tunsin olevani jotenkin erilainen. Jokin karjalaisuudessa ja sodan [&hellip;]<\/p>\n","protected":false},"author":1,"featured_media":0,"parent":0,"menu_order":0,"comment_status":"closed","ping_status":"closed","template":"","meta":{"footnotes":""},"class_list":["post-32","page","type-page","status-publish","hentry"],"_links":{"self":[{"href":"http:\/\/neuvonenseppanen.com\/index.php?rest_route=\/wp\/v2\/pages\/32","targetHints":{"allow":["GET"]}}],"collection":[{"href":"http:\/\/neuvonenseppanen.com\/index.php?rest_route=\/wp\/v2\/pages"}],"about":[{"href":"http:\/\/neuvonenseppanen.com\/index.php?rest_route=\/wp\/v2\/types\/page"}],"author":[{"embeddable":true,"href":"http:\/\/neuvonenseppanen.com\/index.php?rest_route=\/wp\/v2\/users\/1"}],"replies":[{"embeddable":true,"href":"http:\/\/neuvonenseppanen.com\/index.php?rest_route=%2Fwp%2Fv2%2Fcomments&post=32"}],"version-history":[{"count":8,"href":"http:\/\/neuvonenseppanen.com\/index.php?rest_route=\/wp\/v2\/pages\/32\/revisions"}],"predecessor-version":[{"id":206,"href":"http:\/\/neuvonenseppanen.com\/index.php?rest_route=\/wp\/v2\/pages\/32\/revisions\/206"}],"wp:attachment":[{"href":"http:\/\/neuvonenseppanen.com\/index.php?rest_route=%2Fwp%2Fv2%2Fmedia&parent=32"}],"curies":[{"name":"wp","href":"https:\/\/api.w.org\/{rel}","templated":true}]}}